{"id":11337,"date":"2015-10-16T14:25:50","date_gmt":"2015-10-16T12:25:50","guid":{"rendered":"https:\/\/www.usca.es\/en\/sala-de-prensa\/noticias\/"},"modified":"2015-12-22T11:58:11","modified_gmt":"2015-12-22T10:58:11","slug":"news","status":"publish","type":"page","link":"https:\/\/www.usca.es\/en\/press-office\/news\/","title":{"rendered":"News"},"content":{"rendered":"\n            \n<article id=\"post-20619\" class=\"post-20619 post type-post status-publish format-standard has-post-thumbnail hentry tag-albanian-atcos tag-albcontrol-2 tag-usca-2\">\n\n  <div class=\"entry\">\n\n    <header class=\"entry__header\">\n      <h2 class=\"entry__title\"><a href=\"https:\/\/www.usca.es\/en\/usca-demands-theimmediate-release-of-thethree-albanian-atcos-held-in-custody\/\" rel=\"bookmark\">USCA demands the immediate release of the three Albanian ATCOs held in custody<\/a><\/h2>    <\/header>\n\n    <div class=\"entry__meta\">\n      <div class=\"entry__category\"><\/div>\n      <div class=\"entry__posted_on right \"><span class=\"posted-on\"><a href=\"https:\/\/www.usca.es\/en\/usca-demands-theimmediate-release-of-thethree-albanian-atcos-held-in-custody\/\" rel=\"bookmark\"><time class=\"entry-date published\" datetime=\"2021-04-19T10:06:07+02:00\">19 April, 2021<\/time><time class=\"updated\" datetime=\"2021-04-19T10:06:43+02:00\">19 April, 2021<\/time><\/a><\/span><\/div>\n      <div class=\"entry__comments right hide-for-small-only\"><\/div>\n    <\/div>\n\n    <figure>\n                          <div class=\"grid__thumbnail\">\n\n              <a href=https:\/\/www.usca.es\/en\/usca-demands-theimmediate-release-of-thethree-albanian-atcos-held-in-custody\/>               <img src=\"https:\/\/www.usca.es\/wp-content\/themes\/bourbon\/inc\/timthumb.php?src=https:\/\/www.usca.es\/wp-content\/uploads\/2021\/04\/Mother_Teresa_Airport.jpg&w=800\">\n              <\/a>\n                          <\/div>\n                  <\/figure>\n\n    <div class=\"entry__content\">\n      <p>\nUSCA and the whole Spanish ATCO community follow the shocking developments in Albania with enormous worry and pleads the EU to take immediate action to ensure human rights and the safety of air travel in a candidate country to join the union.\n\n\n\nDue to the sharp decrease in air travel produced by Covid-19 restrictions, AlbControl, the Albanian Air Navigation Services Provider, decided on a... <div class=\"content-more-link\"><a href=\"https:\/\/www.usca.es\/en\/usca-demands-theimmediate-release-of-thethree-albanian-atcos-held-in-custody\/\" class=\"more-link\">Read more<\/a><\/div><\/p>    <\/div>\n\n    <div class=\"entry__footer\">\n      <div class=\"entry__tags right hide-for-small-only\"><a href=\"https:\/\/www.usca.es\/en\/tag\/albanian-atcos\/\" rel=\"tag\">Albanian ATCOs<\/a><a href=\"https:\/\/www.usca.es\/en\/tag\/albcontrol-2\/\" rel=\"tag\">AlbControl<\/a><a href=\"https:\/\/www.usca.es\/en\/tag\/usca-2\/\" rel=\"tag\">USCA<\/a><\/div>\n      <div class=\"entry__share\"><div class='entry__share--icon'><a target='_blank' href='http:\/\/www.facebook.com\/sharer.php?u=https:\/\/www.usca.es\/en\/usca-demands-theimmediate-release-of-thethree-albanian-atcos-held-in-custody\/&#038;t=USCA%20demands%20the%20immediate%20release%20of%20the%20three%20Albanian%20ATCOs%20held%20in%20custody' title='Click to share this post on Facebook'><i class='fa fa-facebook'><\/i><\/a><\/div><div class='entry__share--icon'><a target='_blank' href='http:\/\/twitter.com\/share?text=Currently reading USCA demands the immediate release of the three Albanian ATCOs held in custody&url=https:\/\/www.usca.es\/en\/usca-demands-theimmediate-release-of-thethree-albanian-atcos-held-in-custody\/' title='Click to share this post on Twitter'><i class='fa fa-twitter'><\/i><\/a><\/div><div class='entry__share--icon'><a target='_blank' href='http:\/\/www.linkedin.com\/shareArticle?mini=true&#038;url=https:\/\/www.usca.es\/en\/usca-demands-theimmediate-release-of-thethree-albanian-atcos-held-in-custody\/&#038;title=USCA%20demands%20the%20immediate%20release%20of%20the%20three%20Albanian%20ATCOs%20held%20in%20custody&#038;summary=&#038;source=USCA' title='Click to share this post on LinkedIn'><i class='fa fa-linkedin'><\/i><\/a><\/div><div class='entry__share--icon'><a target='_blank' href='https:\/\/plus.google.com\/share?url=https:\/\/www.usca.es\/en\/usca-demands-theimmediate-release-of-thethree-albanian-atcos-held-in-custody\/' title='Click to share this post on Google Plus'><i class='fa fa-google-plus'><\/i><\/a><\/div><div class='entry__share--icon'><a target='_blank' href='http:\/\/pinterest.com\/pin\/create\/button\/?url=https:\/\/www.usca.es\/en\/usca-demands-theimmediate-release-of-thethree-albanian-atcos-held-in-custody\/&#038;media=https:\/\/www.usca.es\/wp-content\/uploads\/2021\/04\/Mother_Teresa_Airport.jpg&amp;description=USCA demands the immediate release of the three Albanian ATCOs held in custody on USCA https:\/\/www.usca.es'  title='Click to share this post on Pinterest' class='pin-it-button' count-layout='horizontal'><i class='fa fa-pinterest-square'><\/i><\/a><\/div><\/div>    <\/div>\n\n  <\/div><!-- entry -->\n\n<\/article>\n            \n<article id=\"post-16353\" class=\"post-16353 post type-post status-publish format-standard has-post-thumbnail hentry category-uncategorized tag-just-culture tag-safety-incident tag-swiss-justice\">\n\n  <div class=\"entry\">\n\n    <header class=\"entry__header\">\n      <h2 class=\"entry__title\"><a href=\"https:\/\/www.usca.es\/en\/swiss-justice-confirmed-a-sentence-to-a-swiss-air-traffic-controller-for-a-safety-incident\/\" rel=\"bookmark\">Swiss Court confirmed a convicting sentence to an air traffic controller for a safety incident<\/a><\/h2>    <\/header>\n\n    <div class=\"entry__meta\">\n      <div class=\"entry__category\"><div class='category_link category_link-underline' style='border-color: ;'><a href='https:\/\/www.usca.es\/en\/category\/uncategorized\/'>Uncategorized<\/a><\/div><\/div>\n      <div class=\"entry__posted_on right \"><span class=\"posted-on\"><a href=\"https:\/\/www.usca.es\/en\/swiss-justice-confirmed-a-sentence-to-a-swiss-air-traffic-controller-for-a-safety-incident\/\" rel=\"bookmark\"><time class=\"entry-date published\" datetime=\"2019-07-22T12:40:31+02:00\">22 July, 2019<\/time><time class=\"updated\" datetime=\"2019-07-22T13:01:09+02:00\">22 July, 2019<\/time><\/a><\/span><\/div>\n      <div class=\"entry__comments right hide-for-small-only\"><\/div>\n    <\/div>\n\n    <figure>\n                          <div class=\"grid__thumbnail\">\n\n              <a href=https:\/\/www.usca.es\/en\/swiss-justice-confirmed-a-sentence-to-a-swiss-air-traffic-controller-for-a-safety-incident\/>               <img src=\"https:\/\/www.usca.es\/wp-content\/themes\/bourbon\/inc\/timthumb.php?src=https:\/\/www.usca.es\/wp-content\/uploads\/2019\/07\/timthumb.php_.jpg&w=800\">\n              <\/a>\n                          <\/div>\n                  <\/figure>\n\n    <div class=\"entry__content\">\n      <p>On July 4, the federal court of Lausanne confirmed a sentence to a Swiss air traffic controller for a safety incident, where all layers of safety worked and there was no material or personal damage.\nThe air traffic controllers, together with the pilots, are the main stakeholders when it comes to providing air safety. For the correct performance of our work, it is of vital importance that we can report,\n... <div class=\"content-more-link\"><a href=\"https:\/\/www.usca.es\/en\/swiss-justice-confirmed-a-sentence-to-a-swiss-air-traffic-controller-for-a-safety-incident\/\" class=\"more-link\">Read more<\/a><\/div><\/p>    <\/div>\n\n    <div class=\"entry__footer\">\n      <div class=\"entry__tags right hide-for-small-only\"><a href=\"https:\/\/www.usca.es\/en\/tag\/just-culture\/\" rel=\"tag\">Just Culture<\/a><a href=\"https:\/\/www.usca.es\/en\/tag\/safety-incident\/\" rel=\"tag\">safety incident<\/a><a href=\"https:\/\/www.usca.es\/en\/tag\/swiss-justice\/\" rel=\"tag\">Swiss Justice<\/a><\/div>\n      <div class=\"entry__share\"><div class='entry__share--icon'><a target='_blank' href='http:\/\/www.facebook.com\/sharer.php?u=https:\/\/www.usca.es\/en\/swiss-justice-confirmed-a-sentence-to-a-swiss-air-traffic-controller-for-a-safety-incident\/&#038;t=Swiss%20Court%20confirmed%20a%20convicting%20sentence%20to%20an%20air%20traffic%20controller%20for%20a%20safety%20incident' title='Click to share this post on Facebook'><i class='fa fa-facebook'><\/i><\/a><\/div><div class='entry__share--icon'><a target='_blank' href='http:\/\/twitter.com\/share?text=Currently reading Swiss Court confirmed a convicting sentence to an air traffic controller for a safety incident&url=https:\/\/www.usca.es\/en\/swiss-justice-confirmed-a-sentence-to-a-swiss-air-traffic-controller-for-a-safety-incident\/' title='Click to share this post on Twitter'><i class='fa fa-twitter'><\/i><\/a><\/div><div class='entry__share--icon'><a target='_blank' href='http:\/\/www.linkedin.com\/shareArticle?mini=true&#038;url=https:\/\/www.usca.es\/en\/swiss-justice-confirmed-a-sentence-to-a-swiss-air-traffic-controller-for-a-safety-incident\/&#038;title=Swiss%20Court%20confirmed%20a%20convicting%20sentence%20to%20an%20air%20traffic%20controller%20for%20a%20safety%20incident&#038;summary=&#038;source=USCA' title='Click to share this post on LinkedIn'><i class='fa fa-linkedin'><\/i><\/a><\/div><div class='entry__share--icon'><a target='_blank' href='https:\/\/plus.google.com\/share?url=https:\/\/www.usca.es\/en\/swiss-justice-confirmed-a-sentence-to-a-swiss-air-traffic-controller-for-a-safety-incident\/' title='Click to share this post on Google Plus'><i class='fa fa-google-plus'><\/i><\/a><\/div><div class='entry__share--icon'><a target='_blank' href='http:\/\/pinterest.com\/pin\/create\/button\/?url=https:\/\/www.usca.es\/en\/swiss-justice-confirmed-a-sentence-to-a-swiss-air-traffic-controller-for-a-safety-incident\/&#038;media=https:\/\/www.usca.es\/wp-content\/uploads\/2019\/07\/timthumb.php_.jpg&amp;description=Swiss Court confirmed a convicting sentence to an air traffic controller for a safety incident on USCA https:\/\/www.usca.es'  title='Click to share this post on Pinterest' class='pin-it-button' count-layout='horizontal'><i class='fa fa-pinterest-square'><\/i><\/a><\/div><\/div>    <\/div>\n\n  <\/div><!-- entry -->\n\n<\/article>\n            \n<article id=\"post-16051\" class=\"post-16051 post type-post status-publish format-standard has-post-thumbnail hentry tag-natca tag-shutdown tag-transport-safety tag-us-government tag-usca\">\n\n  <div class=\"entry\">\n\n    <header class=\"entry__header\">\n      <h2 class=\"entry__title\"><a href=\"https:\/\/www.usca.es\/en\/for-the-sake-of-safety-the-us-government-must-stop-the-shutdown\/\" rel=\"bookmark\">FOR THE SAKE OF SAFETY, THE US GOVERNMENT MUST STOP THE SHUTDOWN<\/a><\/h2>    <\/header>\n\n    <div class=\"entry__meta\">\n      <div class=\"entry__category\"><\/div>\n      <div class=\"entry__posted_on right \"><span class=\"posted-on\"><a href=\"https:\/\/www.usca.es\/en\/for-the-sake-of-safety-the-us-government-must-stop-the-shutdown\/\" rel=\"bookmark\"><time class=\"entry-date published\" datetime=\"2019-01-17T10:06:14+01:00\">17 January, 2019<\/time><time class=\"updated\" datetime=\"2019-01-17T10:10:48+01:00\">17 January, 2019<\/time><\/a><\/span><\/div>\n      <div class=\"entry__comments right hide-for-small-only\"><\/div>\n    <\/div>\n\n    <figure>\n                          <div class=\"grid__thumbnail\">\n\n              <a href=https:\/\/www.usca.es\/en\/for-the-sake-of-safety-the-us-government-must-stop-the-shutdown\/>               <img src=\"https:\/\/www.usca.es\/wp-content\/themes\/bourbon\/inc\/timthumb.php?src=https:\/\/www.usca.es\/wp-content\/uploads\/2019\/01\/19150871644_3388dd4a78_o.jpg&w=800\">\n              <\/a>\n                          <\/div>\n                  <\/figure>\n\n    <div class=\"entry__content\">\n      <p>USCA, representing 90% of air traffic controllers in Spain, is witnessing with increasing worry how the US government is endangering air transport safety.\nWe know from experience how it feels to work understaffed and with our working rights changed overnight unilaterally. Uncertainty adds pressure to an already very stressful job, negatively affecting the safety of operations.\nWe live in a scenario of constant traffic growth, and our colleagues in\n... <div class=\"content-more-link\"><a href=\"https:\/\/www.usca.es\/en\/for-the-sake-of-safety-the-us-government-must-stop-the-shutdown\/\" class=\"more-link\">Read more<\/a><\/div><\/p>    <\/div>\n\n    <div class=\"entry__footer\">\n      <div class=\"entry__tags right hide-for-small-only\"><a href=\"https:\/\/www.usca.es\/en\/tag\/natca\/\" rel=\"tag\">NATCA<\/a><a href=\"https:\/\/www.usca.es\/en\/tag\/shutdown\/\" rel=\"tag\">SHUTDOWN<\/a><a href=\"https:\/\/www.usca.es\/en\/tag\/transport-safety\/\" rel=\"tag\">transport safety<\/a><a href=\"https:\/\/www.usca.es\/en\/tag\/us-government\/\" rel=\"tag\">US GOVERNMENT<\/a><a href=\"https:\/\/www.usca.es\/tag\/usca\/\" rel=\"tag\">USCA<\/a><\/div>\n      <div class=\"entry__share\"><div class='entry__share--icon'><a target='_blank' href='http:\/\/www.facebook.com\/sharer.php?u=https:\/\/www.usca.es\/en\/for-the-sake-of-safety-the-us-government-must-stop-the-shutdown\/&#038;t=FOR%20THE%20SAKE%20OF%20SAFETY,%20THE%20US%20GOVERNMENT%20MUST%20STOP%20THE%20SHUTDOWN' title='Click to share this post on Facebook'><i class='fa fa-facebook'><\/i><\/a><\/div><div class='entry__share--icon'><a target='_blank' href='http:\/\/twitter.com\/share?text=Currently reading FOR THE SAKE OF SAFETY, THE US GOVERNMENT MUST STOP THE SHUTDOWN&url=https:\/\/www.usca.es\/en\/for-the-sake-of-safety-the-us-government-must-stop-the-shutdown\/' title='Click to share this post on Twitter'><i class='fa fa-twitter'><\/i><\/a><\/div><div class='entry__share--icon'><a target='_blank' href='http:\/\/www.linkedin.com\/shareArticle?mini=true&#038;url=https:\/\/www.usca.es\/en\/for-the-sake-of-safety-the-us-government-must-stop-the-shutdown\/&#038;title=FOR%20THE%20SAKE%20OF%20SAFETY,%20THE%20US%20GOVERNMENT%20MUST%20STOP%20THE%20SHUTDOWN&#038;summary=&#038;source=USCA' title='Click to share this post on LinkedIn'><i class='fa fa-linkedin'><\/i><\/a><\/div><div class='entry__share--icon'><a target='_blank' href='https:\/\/plus.google.com\/share?url=https:\/\/www.usca.es\/en\/for-the-sake-of-safety-the-us-government-must-stop-the-shutdown\/' title='Click to share this post on Google Plus'><i class='fa fa-google-plus'><\/i><\/a><\/div><div class='entry__share--icon'><a target='_blank' href='http:\/\/pinterest.com\/pin\/create\/button\/?url=https:\/\/www.usca.es\/en\/for-the-sake-of-safety-the-us-government-must-stop-the-shutdown\/&#038;media=https:\/\/www.usca.es\/wp-content\/uploads\/2019\/01\/19150871644_3388dd4a78_o.jpg&amp;description=FOR THE SAKE OF SAFETY, THE US GOVERNMENT MUST STOP THE SHUTDOWN on USCA https:\/\/www.usca.es'  title='Click to share this post on Pinterest' class='pin-it-button' count-layout='horizontal'><i class='fa fa-pinterest-square'><\/i><\/a><\/div><\/div>    <\/div>\n\n  <\/div><!-- entry -->\n\n<\/article>\n            \n<article id=\"post-16036\" class=\"post-16036 post type-post status-publish format-standard has-post-thumbnail hentry tag-air-traffic-controller tag-just-culture tag-skyguide\">\n\n  <div class=\"entry\">\n\n    <header class=\"entry__header\">\n      <h2 class=\"entry__title\"><a href=\"https:\/\/www.usca.es\/en\/usca-rejects-the-decision-by-swiss-prosecutors-to-sue-and-charged-two-air-traffic-controllers-with-criminal-intent\/\" rel=\"bookmark\">USCA rejects the judicial decision to charge two Swiss air traffic controllers with criminal intent<\/a><\/h2>    <\/header>\n\n    <div class=\"entry__meta\">\n      <div class=\"entry__category\"><\/div>\n      <div class=\"entry__posted_on right \"><span class=\"posted-on\"><a href=\"https:\/\/www.usca.es\/en\/usca-rejects-the-decision-by-swiss-prosecutors-to-sue-and-charged-two-air-traffic-controllers-with-criminal-intent\/\" rel=\"bookmark\"><time class=\"entry-date published\" datetime=\"2019-01-11T13:36:18+01:00\">11 January, 2019<\/time><time class=\"updated\" datetime=\"2019-01-11T14:59:28+01:00\">11 January, 2019<\/time><\/a><\/span><\/div>\n      <div class=\"entry__comments right hide-for-small-only\"><\/div>\n    <\/div>\n\n    <figure>\n                          <div class=\"grid__thumbnail\">\n\n              <a href=https:\/\/www.usca.es\/en\/usca-rejects-the-decision-by-swiss-prosecutors-to-sue-and-charged-two-air-traffic-controllers-with-criminal-intent\/>               <img src=\"https:\/\/www.usca.es\/wp-content\/themes\/bourbon\/inc\/timthumb.php?src=https:\/\/www.usca.es\/wp-content\/uploads\/2019\/01\/1280px-2011-05-09_09-56-33_Switzerland_Kanton_Z\u00fcrich_Z\u00fcrich-Kloten_Airport-1.jpg&w=800\">\n              <\/a>\n                          <\/div>\n                  <\/figure>\n\n    <div class=\"entry__content\">\n      <p>USCA rejects the decision by Swiss prosecutors to sue and charge an air traffic controller with criminal intent, after reporting an honest mistake, with no fatalities or damage to aircraft.\nThis happens for the second time in less than a year, despite the following investigation, carried out by the Swiss ANSP and aviation authorities, found no ground to take disciplinary actions\nThis sentence is a blow to the Just Culture\n... <div class=\"content-more-link\"><a href=\"https:\/\/www.usca.es\/en\/usca-rejects-the-decision-by-swiss-prosecutors-to-sue-and-charged-two-air-traffic-controllers-with-criminal-intent\/\" class=\"more-link\">Read more<\/a><\/div><\/p>    <\/div>\n\n    <div class=\"entry__footer\">\n      <div class=\"entry__tags right hide-for-small-only\"><a href=\"https:\/\/www.usca.es\/en\/tag\/air-traffic-controller\/\" rel=\"tag\">air traffic controller<\/a><a href=\"https:\/\/www.usca.es\/en\/tag\/air-traffic-controller\/\" rel=\"tag\">air traffic controller<\/a><a href=\"https:\/\/www.usca.es\/en\/tag\/just-culture\/\" rel=\"tag\">Just Culture<\/a><a href=\"https:\/\/www.usca.es\/tag\/skyguide\/\" rel=\"tag\">Skyguide<\/a><\/div>\n      <div class=\"entry__share\"><div class='entry__share--icon'><a target='_blank' href='http:\/\/www.facebook.com\/sharer.php?u=https:\/\/www.usca.es\/en\/usca-rejects-the-decision-by-swiss-prosecutors-to-sue-and-charged-two-air-traffic-controllers-with-criminal-intent\/&#038;t=USCA%20rejects%20the%20judicial%20decision%20to%20charge%20two%20Swiss%20air%20traffic%20controllers%20with%20criminal%20intent' title='Click to share this post on Facebook'><i class='fa fa-facebook'><\/i><\/a><\/div><div class='entry__share--icon'><a target='_blank' href='http:\/\/twitter.com\/share?text=Currently reading USCA rejects the judicial decision to charge two Swiss air traffic controllers with criminal intent&url=https:\/\/www.usca.es\/en\/usca-rejects-the-decision-by-swiss-prosecutors-to-sue-and-charged-two-air-traffic-controllers-with-criminal-intent\/' title='Click to share this post on Twitter'><i class='fa fa-twitter'><\/i><\/a><\/div><div class='entry__share--icon'><a target='_blank' href='http:\/\/www.linkedin.com\/shareArticle?mini=true&#038;url=https:\/\/www.usca.es\/en\/usca-rejects-the-decision-by-swiss-prosecutors-to-sue-and-charged-two-air-traffic-controllers-with-criminal-intent\/&#038;title=USCA%20rejects%20the%20judicial%20decision%20to%20charge%20two%20Swiss%20air%20traffic%20controllers%20with%20criminal%20intent&#038;summary=&#038;source=USCA' title='Click to share this post on LinkedIn'><i class='fa fa-linkedin'><\/i><\/a><\/div><div class='entry__share--icon'><a target='_blank' href='https:\/\/plus.google.com\/share?url=https:\/\/www.usca.es\/en\/usca-rejects-the-decision-by-swiss-prosecutors-to-sue-and-charged-two-air-traffic-controllers-with-criminal-intent\/' title='Click to share this post on Google Plus'><i class='fa fa-google-plus'><\/i><\/a><\/div><div class='entry__share--icon'><a target='_blank' href='http:\/\/pinterest.com\/pin\/create\/button\/?url=https:\/\/www.usca.es\/en\/usca-rejects-the-decision-by-swiss-prosecutors-to-sue-and-charged-two-air-traffic-controllers-with-criminal-intent\/&#038;media=https:\/\/www.usca.es\/wp-content\/uploads\/2019\/01\/1280px-2011-05-09_09-56-33_Switzerland_Kanton_Z\u00fcrich_Z\u00fcrich-Kloten_Airport-1.jpg&amp;description=USCA rejects the judicial decision to charge two Swiss air traffic controllers with criminal intent on USCA https:\/\/www.usca.es'  title='Click to share this post on Pinterest' class='pin-it-button' count-layout='horizontal'><i class='fa fa-pinterest-square'><\/i><\/a><\/div><\/div>    <\/div>\n\n  <\/div><!-- entry -->\n\n<\/article>\n            \n<article id=\"post-14644\" class=\"post-14644 post type-post status-publish format-standard has-post-thumbnail hentry category-press-releases tag-cierre-del-espacio-aereo tag-control-aereo tag-controladores-aereos\">\n\n  <div class=\"entry\">\n\n    <header class=\"entry__header\">\n      <h2 class=\"entry__title\"><a href=\"https:\/\/www.usca.es\/en\/usca-istbesorgtuber-den-druck-den-fluglotsenauf-den-balearen-ausgesetztsind\/\" rel=\"bookmark\">USCA istbesorgt\u00fcber den Druck den Fluglotsenauf den Balearen ausgesetztsind<\/a><\/h2>    <\/header>\n\n    <div class=\"entry__meta\">\n      <div class=\"entry__category\"><div class='category_link category_link-underline' style='border-color: ;'><a href='https:\/\/www.usca.es\/en\/category\/press-releases\/'>Press Releases<\/a><\/div> &#183; <div class='category_link category_link-underline' style='border-color: ;'><a href='https:\/\/www.usca.es\/en\/category\/press-releases\/'>Press Releases<\/a><\/div><\/div>\n      <div class=\"entry__posted_on right \"><span class=\"posted-on\"><a href=\"https:\/\/www.usca.es\/en\/usca-istbesorgtuber-den-druck-den-fluglotsenauf-den-balearen-ausgesetztsind\/\" rel=\"bookmark\"><time class=\"entry-date published\" datetime=\"2017-05-15T12:32:42+02:00\">15 May, 2017<\/time><time class=\"updated\" datetime=\"2017-05-15T13:37:27+02:00\">15 May, 2017<\/time><\/a><\/span><\/div>\n      <div class=\"entry__comments right hide-for-small-only\"><\/div>\n    <\/div>\n\n    <figure>\n                          <div class=\"grid__thumbnail\">\n\n              <a href=https:\/\/www.usca.es\/en\/usca-istbesorgtuber-den-druck-den-fluglotsenauf-den-balearen-ausgesetztsind\/>               <img src=\"https:\/\/www.usca.es\/wp-content\/themes\/bourbon\/inc\/timthumb.php?src=https:\/\/www.usca.es\/wp-content\/uploads\/2014\/07\/14039551428539.jpg&w=800\">\n              <\/a>\n                          <\/div>\n                  <\/figure>\n\n    <div class=\"entry__content\">\n      <p>.- Gericht in Palma de Mallorca hat einen geschlossenen Fall gegen die Fluglotsen wieder aufgenommen und beginnt mitm\u00fcndlichen Anh\u00f6rungen.\n.- Fluglotsen wurden bereits in der Vergangenheit vielfachzu der Schlie\u00dfung des Luftraums befragt.\n.-USCA hatSorge, dass die neuerliche Anh\u00f6rung psychischen Druck auf die Fluglotsen aus\u00fcbt und die sichere Arbeit dadurch beeintr\u00e4chtigt ist.\nDie Gewerkschaft USCA (Union Sindical de Controladores Aereos) will ihre ernste Sorge dar\u00fcber zum Ausdruckbirngen, dass mit den neuerlichen m\u00fcndlichen Anh\u00f6rungen\n... <div class=\"content-more-link\"><a href=\"https:\/\/www.usca.es\/en\/usca-istbesorgtuber-den-druck-den-fluglotsenauf-den-balearen-ausgesetztsind\/\" class=\"more-link\">Read more<\/a><\/div><\/p>    <\/div>\n\n    <div class=\"entry__footer\">\n      <div class=\"entry__tags right hide-for-small-only\"><a href=\"https:\/\/www.usca.es\/tag\/cierre-del-espacio-aereo\/\" rel=\"tag\">Cierre del espacio a\u00e9reo<\/a><a href=\"https:\/\/www.usca.es\/tag\/control-aereo\/\" rel=\"tag\">control a\u00e9reo<\/a><a href=\"https:\/\/www.usca.es\/tag\/controladores-aereos\/\" rel=\"tag\">controladores a\u00e9reos<\/a><\/div>\n      <div class=\"entry__share\"><div class='entry__share--icon'><a target='_blank' href='http:\/\/www.facebook.com\/sharer.php?u=https:\/\/www.usca.es\/en\/usca-istbesorgtuber-den-druck-den-fluglotsenauf-den-balearen-ausgesetztsind\/&#038;t=USCA%20istbesorgt\u00fcber%20den%20Druck%20den%20Fluglotsenauf%20den%20Balearen%20ausgesetztsind' title='Click to share this post on Facebook'><i class='fa fa-facebook'><\/i><\/a><\/div><div class='entry__share--icon'><a target='_blank' href='http:\/\/twitter.com\/share?text=Currently reading USCA istbesorgt\u00fcber den Druck den Fluglotsenauf den Balearen ausgesetztsind&url=https:\/\/www.usca.es\/en\/usca-istbesorgtuber-den-druck-den-fluglotsenauf-den-balearen-ausgesetztsind\/' title='Click to share this post on Twitter'><i class='fa fa-twitter'><\/i><\/a><\/div><div class='entry__share--icon'><a target='_blank' href='http:\/\/www.linkedin.com\/shareArticle?mini=true&#038;url=https:\/\/www.usca.es\/en\/usca-istbesorgtuber-den-druck-den-fluglotsenauf-den-balearen-ausgesetztsind\/&#038;title=USCA%20istbesorgt\u00fcber%20den%20Druck%20den%20Fluglotsenauf%20den%20Balearen%20ausgesetztsind&#038;summary=&#038;source=USCA' title='Click to share this post on LinkedIn'><i class='fa fa-linkedin'><\/i><\/a><\/div><div class='entry__share--icon'><a target='_blank' href='https:\/\/plus.google.com\/share?url=https:\/\/www.usca.es\/en\/usca-istbesorgtuber-den-druck-den-fluglotsenauf-den-balearen-ausgesetztsind\/' title='Click to share this post on Google Plus'><i class='fa fa-google-plus'><\/i><\/a><\/div><div class='entry__share--icon'><a target='_blank' href='http:\/\/pinterest.com\/pin\/create\/button\/?url=https:\/\/www.usca.es\/en\/usca-istbesorgtuber-den-druck-den-fluglotsenauf-den-balearen-ausgesetztsind\/&#038;media=https:\/\/www.usca.es\/wp-content\/uploads\/2014\/07\/14039551428539.jpg&amp;description=USCA istbesorgt\u00fcber den Druck den Fluglotsenauf den Balearen ausgesetztsind on USCA https:\/\/www.usca.es'  title='Click to share this post on Pinterest' class='pin-it-button' count-layout='horizontal'><i class='fa fa-pinterest-square'><\/i><\/a><\/div><\/div>    <\/div>\n\n  <\/div><!-- entry -->\n\n<\/article>\n            \n<article id=\"post-14636\" class=\"post-14636 post type-post status-publish format-standard has-post-thumbnail hentry category-press-releases tag-cierre-del-espacio-aereo tag-controladores-aereos tag-palma-de-mallorca tag-usca\">\n\n  <div class=\"entry\">\n\n    <header class=\"entry__header\">\n      <h2 class=\"entry__title\"><a href=\"https:\/\/www.usca.es\/en\/usca-is-concerned-about-the-pressure-baleares-atcos-are-under\/\" rel=\"bookmark\">USCA IS CONCERNED ABOUT THE PRESSURE BALEARES ATCOs ARE UNDER<\/a><\/h2>    <\/header>\n\n    <div class=\"entry__meta\">\n      <div class=\"entry__category\"><div class='category_link category_link-underline' style='border-color: ;'><a href='https:\/\/www.usca.es\/en\/category\/press-releases\/'>Press Releases<\/a><\/div><\/div>\n      <div class=\"entry__posted_on right \"><span class=\"posted-on\"><a href=\"https:\/\/www.usca.es\/en\/usca-is-concerned-about-the-pressure-baleares-atcos-are-under\/\" rel=\"bookmark\"><time class=\"entry-date published updated\" datetime=\"2017-05-10T09:54:42+02:00\">10 May, 2017<\/time><\/a><\/span><\/div>\n      <div class=\"entry__comments right hide-for-small-only\"><\/div>\n    <\/div>\n\n    <figure>\n                          <div class=\"grid__thumbnail\">\n\n              <a href=https:\/\/www.usca.es\/en\/usca-is-concerned-about-the-pressure-baleares-atcos-are-under\/>               <img src=\"https:\/\/www.usca.es\/wp-content\/themes\/bourbon\/inc\/timthumb.php?src=https:\/\/www.usca.es\/wp-content\/uploads\/2014\/07\/14039551428539.jpg&w=800\">\n              <\/a>\n                          <\/div>\n                  <\/figure>\n\n    <div class=\"entry__content\">\n      <p>.- Palma de Mallorca court, which had closed the cause against the air traffic controllers, now wants to open oral trials.\n.- Controllers have already been exonerated in 20 of the 22 courtrooms that have dealt with the case of the closure of the airspace.\n.-USCA considers that the pressure Baleares atcos are suffering affects their performance.\nThe Uni\u00f3n Sindical de ControladoresA\u00e9reos (USCA) wants to emphasize their concern about the pressure\n... <div class=\"content-more-link\"><a href=\"https:\/\/www.usca.es\/en\/usca-is-concerned-about-the-pressure-baleares-atcos-are-under\/\" class=\"more-link\">Read more<\/a><\/div><\/p>    <\/div>\n\n    <div class=\"entry__footer\">\n      <div class=\"entry__tags right hide-for-small-only\"><a href=\"https:\/\/www.usca.es\/tag\/cierre-del-espacio-aereo\/\" rel=\"tag\">Cierre del espacio a\u00e9reo<\/a><a href=\"https:\/\/www.usca.es\/tag\/controladores-aereos\/\" rel=\"tag\">controladores a\u00e9reos<\/a><a href=\"https:\/\/www.usca.es\/tag\/palma-de-mallorca\/\" rel=\"tag\">Palma de Mallorca<\/a><a href=\"https:\/\/www.usca.es\/tag\/usca\/\" rel=\"tag\">USCA<\/a><a href=\"https:\/\/www.usca.es\/tag\/usca\/\" rel=\"tag\">USCA<\/a><\/div>\n      <div class=\"entry__share\"><div class='entry__share--icon'><a target='_blank' href='http:\/\/www.facebook.com\/sharer.php?u=https:\/\/www.usca.es\/en\/usca-is-concerned-about-the-pressure-baleares-atcos-are-under\/&#038;t=USCA%20IS%20CONCERNED%20ABOUT%20THE%20PRESSURE%20BALEARES%20ATCOs%20ARE%20UNDER' title='Click to share this post on Facebook'><i class='fa fa-facebook'><\/i><\/a><\/div><div class='entry__share--icon'><a target='_blank' href='http:\/\/twitter.com\/share?text=Currently reading USCA IS CONCERNED ABOUT THE PRESSURE BALEARES ATCOs ARE UNDER&url=https:\/\/www.usca.es\/en\/usca-is-concerned-about-the-pressure-baleares-atcos-are-under\/' title='Click to share this post on Twitter'><i class='fa fa-twitter'><\/i><\/a><\/div><div class='entry__share--icon'><a target='_blank' href='http:\/\/www.linkedin.com\/shareArticle?mini=true&#038;url=https:\/\/www.usca.es\/en\/usca-is-concerned-about-the-pressure-baleares-atcos-are-under\/&#038;title=USCA%20IS%20CONCERNED%20ABOUT%20THE%20PRESSURE%20BALEARES%20ATCOs%20ARE%20UNDER&#038;summary=&#038;source=USCA' title='Click to share this post on LinkedIn'><i class='fa fa-linkedin'><\/i><\/a><\/div><div class='entry__share--icon'><a target='_blank' href='https:\/\/plus.google.com\/share?url=https:\/\/www.usca.es\/en\/usca-is-concerned-about-the-pressure-baleares-atcos-are-under\/' title='Click to share this post on Google Plus'><i class='fa fa-google-plus'><\/i><\/a><\/div><div class='entry__share--icon'><a target='_blank' href='http:\/\/pinterest.com\/pin\/create\/button\/?url=https:\/\/www.usca.es\/en\/usca-is-concerned-about-the-pressure-baleares-atcos-are-under\/&#038;media=https:\/\/www.usca.es\/wp-content\/uploads\/2014\/07\/14039551428539.jpg&amp;description=USCA IS CONCERNED ABOUT THE PRESSURE BALEARES ATCOs ARE UNDER on USCA https:\/\/www.usca.es'  title='Click to share this post on Pinterest' class='pin-it-button' count-layout='horizontal'><i class='fa fa-pinterest-square'><\/i><\/a><\/div><\/div>    <\/div>\n\n  <\/div><!-- entry -->\n\n<\/article>\n            \n<article id=\"post-14164\" class=\"post-14164 post type-post status-publish format-standard has-post-thumbnail hentry tag-air-navigation tag-controllers tag-ferrovial\">\n\n  <div class=\"entry\">\n\n    <header class=\"entry__header\">\n      <h2 class=\"entry__title\"><a href=\"https:\/\/www.usca.es\/en\/if-the-general-director-finds-out-you-are-planning-to-become-members-of-a-union-you-will-find-yourselves-out-on-the-street\/\" rel=\"bookmark\">&#8220;If the General Director finds out you are planning to become members of a Union&#8230; you will find yourselves out on the street&#8221;<\/a><\/h2>    <\/header>\n\n    <div class=\"entry__meta\">\n      <div class=\"entry__category\"><\/div>\n      <div class=\"entry__posted_on right \"><span class=\"posted-on\"><a href=\"https:\/\/www.usca.es\/en\/if-the-general-director-finds-out-you-are-planning-to-become-members-of-a-union-you-will-find-yourselves-out-on-the-street\/\" rel=\"bookmark\"><time class=\"entry-date published\" datetime=\"2016-12-28T11:30:19+01:00\">28 December, 2016<\/time><time class=\"updated\" datetime=\"2016-12-28T11:33:01+01:00\">28 December, 2016<\/time><\/a><\/span><\/div>\n      <div class=\"entry__comments right hide-for-small-only\"><\/div>\n    <\/div>\n\n    <figure>\n                          <div class=\"grid__thumbnail\">\n\n              <a href=https:\/\/www.usca.es\/en\/if-the-general-director-finds-out-you-are-planning-to-become-members-of-a-union-you-will-find-yourselves-out-on-the-street\/>               <img src=\"https:\/\/www.usca.es\/wp-content\/themes\/bourbon\/inc\/timthumb.php?src=https:\/\/www.usca.es\/wp-content\/uploads\/2016\/12\/electronicos-superiores-advierten-controladores-sindicalizacion_EDIIMA20161223_0632_4.jpg&w=800\">\n              <\/a>\n                          <\/div>\n                  <\/figure>\n\n    <div class=\"entry__content\">\n      <p>\n\n* The General Manager at Seville\u2019s air traffic control tower, managed by Ferrovial, threatened an air traffic controller for his possible affiliation with the Spanish Union for air traffic controllers USCA (Uni\u00f3n Sindical de Controladores A\u00e9reos).\n* Eldiario.es has gained access to a recording where the General Manager makes it clear that the statement has come down from General Director of FerroNATS, a merger between Ferrovial and\n... <div class=\"content-more-link\"><a href=\"https:\/\/www.usca.es\/en\/if-the-general-director-finds-out-you-are-planning-to-become-members-of-a-union-you-will-find-yourselves-out-on-the-street\/\" class=\"more-link\">Read more<\/a><\/div><\/p>    <\/div>\n\n    <div class=\"entry__footer\">\n      <div class=\"entry__tags right hide-for-small-only\"><a href=\"https:\/\/www.usca.es\/en\/tag\/air-navigation\/\" rel=\"tag\">air navigation<\/a><a href=\"https:\/\/www.usca.es\/en\/tag\/controllers\/\" rel=\"tag\">controllers<\/a><a href=\"https:\/\/www.usca.es\/en\/tag\/ferrovial\/\" rel=\"tag\">Ferrovial<\/a><\/div>\n      <div class=\"entry__share\"><div class='entry__share--icon'><a target='_blank' href='http:\/\/www.facebook.com\/sharer.php?u=https:\/\/www.usca.es\/en\/if-the-general-director-finds-out-you-are-planning-to-become-members-of-a-union-you-will-find-yourselves-out-on-the-street\/&#038;t=&#8220;If%20the%20General%20Director%20finds%20out%20you%20are%20planning%20to%20become%20members%20of%20a%20Union&#8230;%20you%20will%20find%20yourselves%20out%20on%20the%20street&#8221;' title='Click to share this post on Facebook'><i class='fa fa-facebook'><\/i><\/a><\/div><div class='entry__share--icon'><a target='_blank' href='http:\/\/twitter.com\/share?text=Currently reading &#8220;If the General Director finds out you are planning to become members of a Union&#8230; you will find yourselves out on the street&#8221;&url=https:\/\/www.usca.es\/en\/if-the-general-director-finds-out-you-are-planning-to-become-members-of-a-union-you-will-find-yourselves-out-on-the-street\/' title='Click to share this post on Twitter'><i class='fa fa-twitter'><\/i><\/a><\/div><div class='entry__share--icon'><a target='_blank' href='http:\/\/www.linkedin.com\/shareArticle?mini=true&#038;url=https:\/\/www.usca.es\/en\/if-the-general-director-finds-out-you-are-planning-to-become-members-of-a-union-you-will-find-yourselves-out-on-the-street\/&#038;title=&#8220;If%20the%20General%20Director%20finds%20out%20you%20are%20planning%20to%20become%20members%20of%20a%20Union&#8230;%20you%20will%20find%20yourselves%20out%20on%20the%20street&#8221;&#038;summary=&#038;source=USCA' title='Click to share this post on LinkedIn'><i class='fa fa-linkedin'><\/i><\/a><\/div><div class='entry__share--icon'><a target='_blank' href='https:\/\/plus.google.com\/share?url=https:\/\/www.usca.es\/en\/if-the-general-director-finds-out-you-are-planning-to-become-members-of-a-union-you-will-find-yourselves-out-on-the-street\/' title='Click to share this post on Google Plus'><i class='fa fa-google-plus'><\/i><\/a><\/div><div class='entry__share--icon'><a target='_blank' href='http:\/\/pinterest.com\/pin\/create\/button\/?url=https:\/\/www.usca.es\/en\/if-the-general-director-finds-out-you-are-planning-to-become-members-of-a-union-you-will-find-yourselves-out-on-the-street\/&#038;media=https:\/\/www.usca.es\/wp-content\/uploads\/2016\/12\/electronicos-superiores-advierten-controladores-sindicalizacion_EDIIMA20161223_0632_4.jpg&amp;description=&#8220;If the General Director finds out you are planning to become members of a Union&#8230; you will find yourselves out on the street&#8221; on USCA https:\/\/www.usca.es'  title='Click to share this post on Pinterest' class='pin-it-button' count-layout='horizontal'><i class='fa fa-pinterest-square'><\/i><\/a><\/div><\/div>    <\/div>\n\n  <\/div><!-- entry -->\n\n<\/article>\n            \n<article id=\"post-13959\" class=\"post-13959 post type-post status-publish format-standard has-post-thumbnail hentry category-news tag-controllers\">\n\n  <div class=\"entry\">\n\n    <header class=\"entry__header\">\n      <h2 class=\"entry__title\"><a href=\"https:\/\/www.usca.es\/en\/expert-industry-group-publishes-fatigue-guidance\/\" rel=\"bookmark\">Expert industry group publishes fatigue guidance<\/a><\/h2>    <\/header>\n\n    <div class=\"entry__meta\">\n      <div class=\"entry__category\"><div class='category_link category_link-underline' style='border-color: ;'><a href='https:\/\/www.usca.es\/en\/category\/news\/'>News<\/a><\/div> &#183; <div class='category_link category_link-underline' style='border-color: ;'><a href='https:\/\/www.usca.es\/en\/category\/news\/'>News<\/a><\/div> &#183; <div class='category_link category_link-underline' style='border-color: ;'><a href='https:\/\/www.usca.es\/en\/category\/news\/'>News<\/a><\/div> &#183; <div class='category_link category_link-underline' style='border-color: ;'><a href='https:\/\/www.usca.es\/en\/category\/news\/'>News<\/a><\/div> &#183; <div class='category_link category_link-underline' style='border-color: ;'><a href='https:\/\/www.usca.es\/en\/category\/news\/'>News<\/a><\/div> &#183; <div class='category_link category_link-underline' style='border-color: ;'><a href='https:\/\/www.usca.es\/en\/category\/news\/'>News<\/a><\/div> &#183; <div class='category_link category_link-underline' style='border-color: ;'><a href='https:\/\/www.usca.es\/en\/category\/news\/'>News<\/a><\/div> &#183; <div class='category_link category_link-underline' style='border-color: ;'><a href='https:\/\/www.usca.es\/en\/category\/news\/'>News<\/a><\/div> &#183; <div class='category_link category_link-underline' style='border-color: ;'><a href='https:\/\/www.usca.es\/en\/category\/news\/'>News<\/a><\/div> &#183; <div class='category_link category_link-underline' style='border-color: ;'><a href='https:\/\/www.usca.es\/en\/category\/news\/'>News<\/a><\/div><\/div>\n      <div class=\"entry__posted_on right \"><span class=\"posted-on\"><a href=\"https:\/\/www.usca.es\/en\/expert-industry-group-publishes-fatigue-guidance\/\" rel=\"bookmark\"><time class=\"entry-date published updated\" datetime=\"2016-11-11T09:55:08+01:00\">11 November, 2016<\/time><\/a><\/span><\/div>\n      <div class=\"entry__comments right hide-for-small-only\"><\/div>\n    <\/div>\n\n    <figure>\n                          <div class=\"grid__thumbnail\">\n\n              <a href=https:\/\/www.usca.es\/en\/expert-industry-group-publishes-fatigue-guidance\/>               <img src=\"https:\/\/www.usca.es\/wp-content\/themes\/bourbon\/inc\/timthumb.php?src=https:\/\/www.usca.es\/wp-content\/uploads\/2016\/11\/sleep1.png&w=800\">\n              <\/a>\n                          <\/div>\n                  <\/figure>\n\n    <div class=\"entry__content\">\n      <p>The strategic use of coffee and napping on site is being recommended for controllers whose sleep at home is disrupted by a newborn baby.\nThe personal fatigue mitigation strategy is just one recommendation in the first ever fatigue management guide for\u00a0air\u00a0traffic\u00a0service providers produced by a cross-industry group comprising the Civil Air Navigation Services Organisation (CANSO), the International Civil Aviation Organisation (ICAO) and the International Federation of Air Traffic Controllers\u2019\n... <div class=\"content-more-link\"><a href=\"https:\/\/www.usca.es\/en\/expert-industry-group-publishes-fatigue-guidance\/\" class=\"more-link\">Read more<\/a><\/div><\/p>    <\/div>\n\n    <div class=\"entry__footer\">\n      <div class=\"entry__tags right hide-for-small-only\"><a href=\"https:\/\/www.usca.es\/en\/tag\/controllers\/\" rel=\"tag\">controllers<\/a><\/div>\n      <div class=\"entry__share\"><div class='entry__share--icon'><a target='_blank' href='http:\/\/www.facebook.com\/sharer.php?u=https:\/\/www.usca.es\/en\/expert-industry-group-publishes-fatigue-guidance\/&#038;t=Expert%20industry%20group%20publishes%20fatigue%20guidance' title='Click to share this post on Facebook'><i class='fa fa-facebook'><\/i><\/a><\/div><div class='entry__share--icon'><a target='_blank' href='http:\/\/twitter.com\/share?text=Currently reading Expert industry group publishes fatigue guidance&url=https:\/\/www.usca.es\/en\/expert-industry-group-publishes-fatigue-guidance\/' title='Click to share this post on Twitter'><i class='fa fa-twitter'><\/i><\/a><\/div><div class='entry__share--icon'><a target='_blank' href='http:\/\/www.linkedin.com\/shareArticle?mini=true&#038;url=https:\/\/www.usca.es\/en\/expert-industry-group-publishes-fatigue-guidance\/&#038;title=Expert%20industry%20group%20publishes%20fatigue%20guidance&#038;summary=&#038;source=USCA' title='Click to share this post on LinkedIn'><i class='fa fa-linkedin'><\/i><\/a><\/div><div class='entry__share--icon'><a target='_blank' href='https:\/\/plus.google.com\/share?url=https:\/\/www.usca.es\/en\/expert-industry-group-publishes-fatigue-guidance\/' title='Click to share this post on Google Plus'><i class='fa fa-google-plus'><\/i><\/a><\/div><div class='entry__share--icon'><a target='_blank' href='http:\/\/pinterest.com\/pin\/create\/button\/?url=https:\/\/www.usca.es\/en\/expert-industry-group-publishes-fatigue-guidance\/&#038;media=https:\/\/www.usca.es\/wp-content\/uploads\/2016\/11\/sleep1.png&amp;description=Expert industry group publishes fatigue guidance on USCA https:\/\/www.usca.es'  title='Click to share this post on Pinterest' class='pin-it-button' count-layout='horizontal'><i class='fa fa-pinterest-square'><\/i><\/a><\/div><\/div>    <\/div>\n\n  <\/div><!-- entry -->\n\n<\/article>\n            \n<article id=\"post-13673\" class=\"post-13673 post type-post status-publish format-video has-post-thumbnail hentry tag-air-controllers tag-air-navigation tag-delays tag-slots tag-thunderstorms tag-weather post_format-post-format-video\">\n\n  <div class=\"entry\">\n\n    <header class=\"entry__header\">\n      <h2 class=\"entry__title\"><a href=\"https:\/\/www.usca.es\/en\/summer-thunderstorms-have-a-strong-impact-on-air-traffic-new-procedures-help-alleviate-the-problem\/\" rel=\"bookmark\">Summer thunderstorms have a strong impact on air traffic &#8211; New procedures help alleviate the problem<\/a><\/h2>    <\/header>\n\n    <div class=\"entry__meta\">\n      <div class=\"entry__category\"><\/div>\n      <div class=\"entry__posted_on right \"><span class=\"posted-on\"><a href=\"https:\/\/www.usca.es\/en\/summer-thunderstorms-have-a-strong-impact-on-air-traffic-new-procedures-help-alleviate-the-problem\/\" rel=\"bookmark\"><time class=\"entry-date published updated\" datetime=\"2016-09-06T10:36:41+02:00\">6 September, 2016<\/time><\/a><\/span><\/div>\n      <div class=\"entry__comments right hide-for-small-only\"><\/div>\n    <\/div>\n\n    <figure>\n              <div class=\"thumbnail__wrap\">\n          <div class=\"flex-video widescreen vimeo\">\n                      <\/div>\n        <\/div>\n          <\/figure>\n\n    <div class=\"entry__content\">\n      <p>Compared to previous summers, the 2016 season has suffered an unprecedented amount of severe weather. Heavy thunderstorms have disrupted traffic flows and caused significant delays. Some cells have extended vertically to an altitude making it impossible to fly over them. To ensure the safety of passengers, departures have had to be postponed until the weather fronts have either dissipated or moved on. This means that passengers have had to\n... <div class=\"content-more-link\"><a href=\"https:\/\/www.usca.es\/en\/summer-thunderstorms-have-a-strong-impact-on-air-traffic-new-procedures-help-alleviate-the-problem\/\" class=\"more-link\">Read more<\/a><\/div><\/p>    <\/div>\n\n    <div class=\"entry__footer\">\n      <div class=\"entry__tags right hide-for-small-only\"><a href=\"https:\/\/www.usca.es\/en\/tag\/air-controllers\/\" rel=\"tag\">air controllers<\/a><a href=\"https:\/\/www.usca.es\/en\/tag\/air-navigation\/\" rel=\"tag\">air navigation<\/a><a href=\"https:\/\/www.usca.es\/en\/tag\/delays\/\" rel=\"tag\">delays<\/a><a href=\"https:\/\/www.usca.es\/en\/tag\/slots\/\" rel=\"tag\">slots<\/a><a href=\"https:\/\/www.usca.es\/en\/tag\/thunderstorms\/\" rel=\"tag\">thunderstorms<\/a><a href=\"https:\/\/www.usca.es\/en\/tag\/weather\/\" rel=\"tag\">weather<\/a><\/div>\n      <div class=\"entry__share\"><div class='entry__share--icon'><a target='_blank' href='http:\/\/www.facebook.com\/sharer.php?u=https:\/\/www.usca.es\/en\/summer-thunderstorms-have-a-strong-impact-on-air-traffic-new-procedures-help-alleviate-the-problem\/&#038;t=Summer%20thunderstorms%20have%20a%20strong%20impact%20on%20air%20traffic%20&#8211;%20New%20procedures%20help%20alleviate%20the%20problem' title='Click to share this post on Facebook'><i class='fa fa-facebook'><\/i><\/a><\/div><div class='entry__share--icon'><a target='_blank' href='http:\/\/twitter.com\/share?text=Currently reading Summer thunderstorms have a strong impact on air traffic &#8211; New procedures help alleviate the problem&url=https:\/\/www.usca.es\/en\/summer-thunderstorms-have-a-strong-impact-on-air-traffic-new-procedures-help-alleviate-the-problem\/' title='Click to share this post on Twitter'><i class='fa fa-twitter'><\/i><\/a><\/div><div class='entry__share--icon'><a target='_blank' href='http:\/\/www.linkedin.com\/shareArticle?mini=true&#038;url=https:\/\/www.usca.es\/en\/summer-thunderstorms-have-a-strong-impact-on-air-traffic-new-procedures-help-alleviate-the-problem\/&#038;title=Summer%20thunderstorms%20have%20a%20strong%20impact%20on%20air%20traffic%20&#8211;%20New%20procedures%20help%20alleviate%20the%20problem&#038;summary=&#038;source=USCA' title='Click to share this post on LinkedIn'><i class='fa fa-linkedin'><\/i><\/a><\/div><div class='entry__share--icon'><a target='_blank' href='https:\/\/plus.google.com\/share?url=https:\/\/www.usca.es\/en\/summer-thunderstorms-have-a-strong-impact-on-air-traffic-new-procedures-help-alleviate-the-problem\/' title='Click to share this post on Google Plus'><i class='fa fa-google-plus'><\/i><\/a><\/div><div class='entry__share--icon'><a target='_blank' href='http:\/\/pinterest.com\/pin\/create\/button\/?url=https:\/\/www.usca.es\/en\/summer-thunderstorms-have-a-strong-impact-on-air-traffic-new-procedures-help-alleviate-the-problem\/&#038;media=https:\/\/www.usca.es\/wp-content\/uploads\/2016\/09\/FABECaltroutetoMadrid.png&amp;description=Summer thunderstorms have a strong impact on air traffic &#8211; New procedures help alleviate the problem on USCA https:\/\/www.usca.es'  title='Click to share this post on Pinterest' class='pin-it-button' count-layout='horizontal'><i class='fa fa-pinterest-square'><\/i><\/a><\/div><\/div>    <\/div>\n\n  <\/div><!-- entry -->\n\n<\/article>\n            \n<article id=\"post-13651\" class=\"post-13651 post type-post status-publish format-standard has-post-thumbnail hentry tag-air-traffic-controller tag-privatized-control-towers tag-seville\">\n\n  <div class=\"entry\">\n\n    <header class=\"entry__header\">\n      <h2 class=\"entry__title\"><a href=\"https:\/\/www.usca.es\/en\/usca-reports-the-dismissal-of-an-air-traffic-controller-in-a-privatized-tower-in-reprisal-for-his-affiliation\/\" rel=\"bookmark\">USCA reports the dismissal of an air traffic controller in a privatized tower in reprisal for his  affiliation.<\/a><\/h2>    <\/header>\n\n    <div class=\"entry__meta\">\n      <div class=\"entry__category\"><\/div>\n      <div class=\"entry__posted_on right \"><span class=\"posted-on\"><a href=\"https:\/\/www.usca.es\/en\/usca-reports-the-dismissal-of-an-air-traffic-controller-in-a-privatized-tower-in-reprisal-for-his-affiliation\/\" rel=\"bookmark\"><time class=\"entry-date published updated\" datetime=\"2016-09-02T09:41:45+02:00\">2 September, 2016<\/time><\/a><\/span><\/div>\n      <div class=\"entry__comments right hide-for-small-only\"><\/div>\n    <\/div>\n\n    <figure>\n                          <div class=\"grid__thumbnail\">\n\n              <a href=https:\/\/www.usca.es\/en\/usca-reports-the-dismissal-of-an-air-traffic-controller-in-a-privatized-tower-in-reprisal-for-his-affiliation\/>               <img src=\"https:\/\/www.usca.es\/wp-content\/themes\/bourbon\/inc\/timthumb.php?src=https:\/\/www.usca.es\/wp-content\/uploads\/2016\/09\/fotonoticia_20160825173336_500.jpg&w=800\">\n              <\/a>\n                          <\/div>\n                  <\/figure>\n\n    <div class=\"entry__content\">\n      <p>The spanish Air Traffic Controllers Union (USCA) will file a complaint tomorrow at the national Air Safety Agency (AESA), for the dismissal of an air traffic controller in one of the 13 control towers privatized by AENA in reprisal for joining the union.\nFerroNATS sacked the affected controller for \u201cvery serious misconduct\u201d on july 20th adducing \u201cdisciplinary causes\u201d and for the \u201ccontinuous and voluntary drop of\n... <div class=\"content-more-link\"><a href=\"https:\/\/www.usca.es\/en\/usca-reports-the-dismissal-of-an-air-traffic-controller-in-a-privatized-tower-in-reprisal-for-his-affiliation\/\" class=\"more-link\">Read more<\/a><\/div><\/p>    <\/div>\n\n    <div class=\"entry__footer\">\n      <div class=\"entry__tags right hide-for-small-only\"><a href=\"https:\/\/www.usca.es\/en\/tag\/air-traffic-controller\/\" rel=\"tag\">air traffic controller<\/a><a href=\"https:\/\/www.usca.es\/en\/tag\/privatized-control-towers\/\" rel=\"tag\">privatized control towers<\/a><a href=\"https:\/\/www.usca.es\/en\/tag\/seville\/\" rel=\"tag\">Seville<\/a><\/div>\n      <div class=\"entry__share\"><div class='entry__share--icon'><a target='_blank' href='http:\/\/www.facebook.com\/sharer.php?u=https:\/\/www.usca.es\/en\/usca-reports-the-dismissal-of-an-air-traffic-controller-in-a-privatized-tower-in-reprisal-for-his-affiliation\/&#038;t=USCA%20reports%20the%20dismissal%20of%20an%20air%20traffic%20controller%20in%20a%20privatized%20tower%20in%20reprisal%20for%20his%20%20affiliation.' title='Click to share this post on Facebook'><i class='fa fa-facebook'><\/i><\/a><\/div><div class='entry__share--icon'><a target='_blank' href='http:\/\/twitter.com\/share?text=Currently reading USCA reports the dismissal of an air traffic controller in a privatized tower in reprisal for his  affiliation.&url=https:\/\/www.usca.es\/en\/usca-reports-the-dismissal-of-an-air-traffic-controller-in-a-privatized-tower-in-reprisal-for-his-affiliation\/' title='Click to share this post on Twitter'><i class='fa fa-twitter'><\/i><\/a><\/div><div class='entry__share--icon'><a target='_blank' href='http:\/\/www.linkedin.com\/shareArticle?mini=true&#038;url=https:\/\/www.usca.es\/en\/usca-reports-the-dismissal-of-an-air-traffic-controller-in-a-privatized-tower-in-reprisal-for-his-affiliation\/&#038;title=USCA%20reports%20the%20dismissal%20of%20an%20air%20traffic%20controller%20in%20a%20privatized%20tower%20in%20reprisal%20for%20his%20%20affiliation.&#038;summary=&#038;source=USCA' title='Click to share this post on LinkedIn'><i class='fa fa-linkedin'><\/i><\/a><\/div><div class='entry__share--icon'><a target='_blank' href='https:\/\/plus.google.com\/share?url=https:\/\/www.usca.es\/en\/usca-reports-the-dismissal-of-an-air-traffic-controller-in-a-privatized-tower-in-reprisal-for-his-affiliation\/' title='Click to share this post on Google Plus'><i class='fa fa-google-plus'><\/i><\/a><\/div><div class='entry__share--icon'><a target='_blank' href='http:\/\/pinterest.com\/pin\/create\/button\/?url=https:\/\/www.usca.es\/en\/usca-reports-the-dismissal-of-an-air-traffic-controller-in-a-privatized-tower-in-reprisal-for-his-affiliation\/&#038;media=https:\/\/www.usca.es\/wp-content\/uploads\/2016\/09\/fotonoticia_20160825173336_500.jpg&amp;description=USCA reports the dismissal of an air traffic controller in a privatized tower in reprisal for his  affiliation. on USCA https:\/\/www.usca.es'  title='Click to share this post on Pinterest' class='pin-it-button' count-layout='horizontal'><i class='fa fa-pinterest-square'><\/i><\/a><\/div><\/div>    <\/div>\n\n  <\/div><!-- entry -->\n\n<\/article>\n    \t\n\t<nav class=\"navigation pagination\" aria-label=\"Posts\">\n\t\t<h2 class=\"screen-reader-text\">Posts navigation<\/h2>\n\t\t<div class=\"nav-links\"><span aria-current=\"page\" class=\"page-numbers current\">1<\/span>\n<a class=\"page-numbers\" href=\"https:\/\/www.usca.es\/en\/wp-json\/wp\/v2\/pages\/11337\/page\/2\/\">2<\/a>\n<a class=\"next page-numbers\" href=\"https:\/\/www.usca.es\/en\/wp-json\/wp\/v2\/pages\/11337\/page\/2\/\">Next<\/a><\/div>\n\t<\/nav>\n\t\n","protected":false},"excerpt":{"rendered":"","protected":false},"author":1,"featured_media":0,"parent":11334,"menu_order":0,"comment_status":"closed","ping_status":"closed","template":"","meta":[],"acf":[],"_links":{"self":[{"href":"https:\/\/www.usca.es\/en\/wp-json\/wp\/v2\/pages\/11337"}],"collection":[{"href":"https:\/\/www.usca.es\/en\/wp-json\/wp\/v2\/pages"}],"about":[{"href":"https:\/\/www.usca.es\/en\/wp-json\/wp\/v2\/types\/page"}],"author":[{"embeddable":true,"href":"https:\/\/www.usca.es\/en\/wp-json\/wp\/v2\/users\/1"}],"replies":[{"embeddable":true,"href":"https:\/\/www.usca.es\/en\/wp-json\/wp\/v2\/comments?post=11337"}],"version-history":[{"count":7,"href":"https:\/\/www.usca.es\/en\/wp-json\/wp\/v2\/pages\/11337\/revisions"}],"predecessor-version":[{"id":12186,"href":"https:\/\/www.usca.es\/en\/wp-json\/wp\/v2\/pages\/11337\/revisions\/12186"}],"up":[{"embeddable":true,"href":"https:\/\/www.usca.es\/en\/wp-json\/wp\/v2\/pages\/11334"}],"wp:attachment":[{"href":"https:\/\/www.usca.es\/en\/wp-json\/wp\/v2\/media?parent=11337"}],"curies":[{"name":"wp","href":"https:\/\/api.w.org\/{rel}","templated":true}]}}