{"id":11336,"date":"2015-10-16T14:26:00","date_gmt":"2015-10-16T12:26:00","guid":{"rendered":"https:\/\/www.usca.es\/en\/sala-de-prensa\/notas-de-prensa\/"},"modified":"2015-12-22T11:59:02","modified_gmt":"2015-12-22T10:59:02","slug":"press-releases","status":"publish","type":"page","link":"https:\/\/www.usca.es\/en\/press-office\/press-releases\/","title":{"rendered":"Press releases"},"content":{"rendered":"\n            \n<article id=\"post-14644\" class=\"post-14644 post type-post status-publish format-standard has-post-thumbnail hentry tag-cierre-del-espacio-aereo tag-control-aereo tag-controladores-aereos\">\n\n  <div class=\"entry\">\n\n    <header class=\"entry__header\">\n      <h2 class=\"entry__title\"><a href=\"https:\/\/www.usca.es\/en\/usca-istbesorgtuber-den-druck-den-fluglotsenauf-den-balearen-ausgesetztsind\/\" rel=\"bookmark\">USCA istbesorgt\u00fcber den Druck den Fluglotsenauf den Balearen ausgesetztsind<\/a><\/h2>    <\/header>\n\n    <div class=\"entry__meta\">\n      <div class=\"entry__category\"><\/div>\n      <div class=\"entry__posted_on right \"><span class=\"posted-on\"><a href=\"https:\/\/www.usca.es\/en\/usca-istbesorgtuber-den-druck-den-fluglotsenauf-den-balearen-ausgesetztsind\/\" rel=\"bookmark\"><time class=\"entry-date published\" datetime=\"2017-05-15T12:32:42+02:00\">15 May, 2017<\/time><time class=\"updated\" datetime=\"2017-05-15T13:37:27+02:00\">15 May, 2017<\/time><\/a><\/span><\/div>\n      <div class=\"entry__comments right hide-for-small-only\"><\/div>\n    <\/div>\n\n    <figure>\n                          <div class=\"grid__thumbnail\">\n\n              <a href=https:\/\/www.usca.es\/en\/usca-istbesorgtuber-den-druck-den-fluglotsenauf-den-balearen-ausgesetztsind\/>               <img src=\"https:\/\/www.usca.es\/wp-content\/themes\/bourbon\/inc\/timthumb.php?src=https:\/\/www.usca.es\/wp-content\/uploads\/2014\/07\/14039551428539.jpg&w=800\">\n              <\/a>\n                          <\/div>\n                  <\/figure>\n\n    <div class=\"entry__content\">\n      <p>.- Gericht in Palma de Mallorca hat einen geschlossenen Fall gegen die Fluglotsen wieder aufgenommen und beginnt mitm\u00fcndlichen Anh\u00f6rungen.\n.- Fluglotsen wurden bereits in der Vergangenheit vielfachzu der Schlie\u00dfung des Luftraums befragt.\n.-USCA hatSorge, dass die neuerliche Anh\u00f6rung psychischen Druck auf die Fluglotsen aus\u00fcbt und die sichere Arbeit dadurch beeintr\u00e4chtigt ist.\nDie Gewerkschaft USCA (Union Sindical de Controladores Aereos) will ihre ernste Sorge dar\u00fcber zum Ausdruckbirngen, dass mit den neuerlichen m\u00fcndlichen Anh\u00f6rungen\n... <div class=\"content-more-link\"><a href=\"https:\/\/www.usca.es\/en\/usca-istbesorgtuber-den-druck-den-fluglotsenauf-den-balearen-ausgesetztsind\/\" class=\"more-link\">Read more<\/a><\/div><\/p>    <\/div>\n\n    <div class=\"entry__footer\">\n      <div class=\"entry__tags right hide-for-small-only\"><a href=\"https:\/\/www.usca.es\/tag\/cierre-del-espacio-aereo\/\" rel=\"tag\">Cierre del espacio a\u00e9reo<\/a><a href=\"https:\/\/www.usca.es\/tag\/control-aereo\/\" rel=\"tag\">control a\u00e9reo<\/a><a href=\"https:\/\/www.usca.es\/tag\/controladores-aereos\/\" rel=\"tag\">controladores a\u00e9reos<\/a><\/div>\n      <div class=\"entry__share\"><div class='entry__share--icon'><a target='_blank' href='http:\/\/www.facebook.com\/sharer.php?u=https:\/\/www.usca.es\/en\/usca-istbesorgtuber-den-druck-den-fluglotsenauf-den-balearen-ausgesetztsind\/&#038;t=USCA%20istbesorgt\u00fcber%20den%20Druck%20den%20Fluglotsenauf%20den%20Balearen%20ausgesetztsind' title='Click to share this post on Facebook'><i class='fa fa-facebook'><\/i><\/a><\/div><div class='entry__share--icon'><a target='_blank' href='http:\/\/twitter.com\/share?text=Currently reading USCA istbesorgt\u00fcber den Druck den Fluglotsenauf den Balearen ausgesetztsind&url=https:\/\/www.usca.es\/en\/usca-istbesorgtuber-den-druck-den-fluglotsenauf-den-balearen-ausgesetztsind\/' title='Click to share this post on Twitter'><i class='fa fa-twitter'><\/i><\/a><\/div><div class='entry__share--icon'><a target='_blank' href='http:\/\/www.linkedin.com\/shareArticle?mini=true&#038;url=https:\/\/www.usca.es\/en\/usca-istbesorgtuber-den-druck-den-fluglotsenauf-den-balearen-ausgesetztsind\/&#038;title=USCA%20istbesorgt\u00fcber%20den%20Druck%20den%20Fluglotsenauf%20den%20Balearen%20ausgesetztsind&#038;summary=&#038;source=USCA' title='Click to share this post on LinkedIn'><i class='fa fa-linkedin'><\/i><\/a><\/div><div class='entry__share--icon'><a target='_blank' href='https:\/\/plus.google.com\/share?url=https:\/\/www.usca.es\/en\/usca-istbesorgtuber-den-druck-den-fluglotsenauf-den-balearen-ausgesetztsind\/' title='Click to share this post on Google Plus'><i class='fa fa-google-plus'><\/i><\/a><\/div><div class='entry__share--icon'><a target='_blank' href='http:\/\/pinterest.com\/pin\/create\/button\/?url=https:\/\/www.usca.es\/en\/usca-istbesorgtuber-den-druck-den-fluglotsenauf-den-balearen-ausgesetztsind\/&#038;media=https:\/\/www.usca.es\/wp-content\/uploads\/2014\/07\/14039551428539.jpg&amp;description=USCA istbesorgt\u00fcber den Druck den Fluglotsenauf den Balearen ausgesetztsind on USCA https:\/\/www.usca.es'  title='Click to share this post on Pinterest' class='pin-it-button' count-layout='horizontal'><i class='fa fa-pinterest-square'><\/i><\/a><\/div><\/div>    <\/div>\n\n  <\/div><!-- entry -->\n\n<\/article>\n            \n<article id=\"post-14636\" class=\"post-14636 post type-post status-publish format-standard has-post-thumbnail hentry category-news tag-cierre-del-espacio-aereo tag-controladores-aereos tag-palma-de-mallorca tag-usca\">\n\n  <div class=\"entry\">\n\n    <header class=\"entry__header\">\n      <h2 class=\"entry__title\"><a href=\"https:\/\/www.usca.es\/en\/usca-is-concerned-about-the-pressure-baleares-atcos-are-under\/\" rel=\"bookmark\">USCA IS CONCERNED ABOUT THE PRESSURE BALEARES ATCOs ARE UNDER<\/a><\/h2>    <\/header>\n\n    <div class=\"entry__meta\">\n      <div class=\"entry__category\"><div class='category_link category_link-underline' style='border-color: ;'><a href='https:\/\/www.usca.es\/en\/category\/news\/'>News<\/a><\/div><\/div>\n      <div class=\"entry__posted_on right \"><span class=\"posted-on\"><a href=\"https:\/\/www.usca.es\/en\/usca-is-concerned-about-the-pressure-baleares-atcos-are-under\/\" rel=\"bookmark\"><time class=\"entry-date published updated\" datetime=\"2017-05-10T09:54:42+02:00\">10 May, 2017<\/time><\/a><\/span><\/div>\n      <div class=\"entry__comments right hide-for-small-only\"><\/div>\n    <\/div>\n\n    <figure>\n                          <div class=\"grid__thumbnail\">\n\n              <a href=https:\/\/www.usca.es\/en\/usca-is-concerned-about-the-pressure-baleares-atcos-are-under\/>               <img src=\"https:\/\/www.usca.es\/wp-content\/themes\/bourbon\/inc\/timthumb.php?src=https:\/\/www.usca.es\/wp-content\/uploads\/2014\/07\/14039551428539.jpg&w=800\">\n              <\/a>\n                          <\/div>\n                  <\/figure>\n\n    <div class=\"entry__content\">\n      <p>.- Palma de Mallorca court, which had closed the cause against the air traffic controllers, now wants to open oral trials.\n.- Controllers have already been exonerated in 20 of the 22 courtrooms that have dealt with the case of the closure of the airspace.\n.-USCA considers that the pressure Baleares atcos are suffering affects their performance.\nThe Uni\u00f3n Sindical de ControladoresA\u00e9reos (USCA) wants to emphasize their concern about the pressure\n... <div class=\"content-more-link\"><a href=\"https:\/\/www.usca.es\/en\/usca-is-concerned-about-the-pressure-baleares-atcos-are-under\/\" class=\"more-link\">Read more<\/a><\/div><\/p>    <\/div>\n\n    <div class=\"entry__footer\">\n      <div class=\"entry__tags right hide-for-small-only\"><a href=\"https:\/\/www.usca.es\/tag\/cierre-del-espacio-aereo\/\" rel=\"tag\">Cierre del espacio a\u00e9reo<\/a><a href=\"https:\/\/www.usca.es\/tag\/controladores-aereos\/\" rel=\"tag\">controladores a\u00e9reos<\/a><a href=\"https:\/\/www.usca.es\/tag\/palma-de-mallorca\/\" rel=\"tag\">Palma de Mallorca<\/a><a href=\"https:\/\/www.usca.es\/tag\/usca\/\" rel=\"tag\">USCA<\/a><\/div>\n      <div class=\"entry__share\"><div class='entry__share--icon'><a target='_blank' href='http:\/\/www.facebook.com\/sharer.php?u=https:\/\/www.usca.es\/en\/usca-is-concerned-about-the-pressure-baleares-atcos-are-under\/&#038;t=USCA%20IS%20CONCERNED%20ABOUT%20THE%20PRESSURE%20BALEARES%20ATCOs%20ARE%20UNDER' title='Click to share this post on Facebook'><i class='fa fa-facebook'><\/i><\/a><\/div><div class='entry__share--icon'><a target='_blank' href='http:\/\/twitter.com\/share?text=Currently reading USCA IS CONCERNED ABOUT THE PRESSURE BALEARES ATCOs ARE UNDER&url=https:\/\/www.usca.es\/en\/usca-is-concerned-about-the-pressure-baleares-atcos-are-under\/' title='Click to share this post on Twitter'><i class='fa fa-twitter'><\/i><\/a><\/div><div class='entry__share--icon'><a target='_blank' href='http:\/\/www.linkedin.com\/shareArticle?mini=true&#038;url=https:\/\/www.usca.es\/en\/usca-is-concerned-about-the-pressure-baleares-atcos-are-under\/&#038;title=USCA%20IS%20CONCERNED%20ABOUT%20THE%20PRESSURE%20BALEARES%20ATCOs%20ARE%20UNDER&#038;summary=&#038;source=USCA' title='Click to share this post on LinkedIn'><i class='fa fa-linkedin'><\/i><\/a><\/div><div class='entry__share--icon'><a target='_blank' href='https:\/\/plus.google.com\/share?url=https:\/\/www.usca.es\/en\/usca-is-concerned-about-the-pressure-baleares-atcos-are-under\/' title='Click to share this post on Google Plus'><i class='fa fa-google-plus'><\/i><\/a><\/div><div class='entry__share--icon'><a target='_blank' href='http:\/\/pinterest.com\/pin\/create\/button\/?url=https:\/\/www.usca.es\/en\/usca-is-concerned-about-the-pressure-baleares-atcos-are-under\/&#038;media=https:\/\/www.usca.es\/wp-content\/uploads\/2014\/07\/14039551428539.jpg&amp;description=USCA IS CONCERNED ABOUT THE PRESSURE BALEARES ATCOs ARE UNDER on USCA https:\/\/www.usca.es'  title='Click to share this post on Pinterest' class='pin-it-button' count-layout='horizontal'><i class='fa fa-pinterest-square'><\/i><\/a><\/div><\/div>    <\/div>\n\n  <\/div><!-- entry -->\n\n<\/article>\n            \n<article id=\"post-13673\" class=\"post-13673 post type-post status-publish format-video has-post-thumbnail hentry category-news tag-air-controllers tag-air-navigation tag-delays tag-slots tag-thunderstorms tag-weather post_format-post-format-video\">\n\n  <div class=\"entry\">\n\n    <header class=\"entry__header\">\n      <h2 class=\"entry__title\"><a href=\"https:\/\/www.usca.es\/en\/summer-thunderstorms-have-a-strong-impact-on-air-traffic-new-procedures-help-alleviate-the-problem\/\" rel=\"bookmark\">Summer thunderstorms have a strong impact on air traffic &#8211; New procedures help alleviate the problem<\/a><\/h2>    <\/header>\n\n    <div class=\"entry__meta\">\n      <div class=\"entry__category\"><div class='category_link category_link-underline' style='border-color: ;'><a href='https:\/\/www.usca.es\/en\/category\/news\/'>News<\/a><\/div> &#183; <div class='category_link category_link-underline' style='border-color: ;'><a href='https:\/\/www.usca.es\/en\/category\/news\/'>News<\/a><\/div><\/div>\n      <div class=\"entry__posted_on right \"><span class=\"posted-on\"><a href=\"https:\/\/www.usca.es\/en\/summer-thunderstorms-have-a-strong-impact-on-air-traffic-new-procedures-help-alleviate-the-problem\/\" rel=\"bookmark\"><time class=\"entry-date published updated\" datetime=\"2016-09-06T10:36:41+02:00\">6 September, 2016<\/time><\/a><\/span><\/div>\n      <div class=\"entry__comments right hide-for-small-only\"><\/div>\n    <\/div>\n\n    <figure>\n              <div class=\"thumbnail__wrap\">\n          <div class=\"flex-video widescreen vimeo\">\n                      <\/div>\n        <\/div>\n          <\/figure>\n\n    <div class=\"entry__content\">\n      <p>Compared to previous summers, the 2016 season has suffered an unprecedented amount of severe weather. Heavy thunderstorms have disrupted traffic flows and caused significant delays. Some cells have extended vertically to an altitude making it impossible to fly over them. To ensure the safety of passengers, departures have had to be postponed until the weather fronts have either dissipated or moved on. This means that passengers have had to\n... <div class=\"content-more-link\"><a href=\"https:\/\/www.usca.es\/en\/summer-thunderstorms-have-a-strong-impact-on-air-traffic-new-procedures-help-alleviate-the-problem\/\" class=\"more-link\">Read more<\/a><\/div><\/p>    <\/div>\n\n    <div class=\"entry__footer\">\n      <div class=\"entry__tags right hide-for-small-only\"><a href=\"https:\/\/www.usca.es\/en\/tag\/air-controllers\/\" rel=\"tag\">air controllers<\/a><a href=\"https:\/\/www.usca.es\/en\/tag\/air-navigation\/\" rel=\"tag\">air navigation<\/a><a href=\"https:\/\/www.usca.es\/en\/tag\/delays\/\" rel=\"tag\">delays<\/a><a href=\"https:\/\/www.usca.es\/en\/tag\/slots\/\" rel=\"tag\">slots<\/a><a href=\"https:\/\/www.usca.es\/en\/tag\/thunderstorms\/\" rel=\"tag\">thunderstorms<\/a><a href=\"https:\/\/www.usca.es\/en\/tag\/weather\/\" rel=\"tag\">weather<\/a><\/div>\n      <div class=\"entry__share\"><div class='entry__share--icon'><a target='_blank' href='http:\/\/www.facebook.com\/sharer.php?u=https:\/\/www.usca.es\/en\/summer-thunderstorms-have-a-strong-impact-on-air-traffic-new-procedures-help-alleviate-the-problem\/&#038;t=Summer%20thunderstorms%20have%20a%20strong%20impact%20on%20air%20traffic%20&#8211;%20New%20procedures%20help%20alleviate%20the%20problem' title='Click to share this post on Facebook'><i class='fa fa-facebook'><\/i><\/a><\/div><div class='entry__share--icon'><a target='_blank' href='http:\/\/twitter.com\/share?text=Currently reading Summer thunderstorms have a strong impact on air traffic &#8211; New procedures help alleviate the problem&url=https:\/\/www.usca.es\/en\/summer-thunderstorms-have-a-strong-impact-on-air-traffic-new-procedures-help-alleviate-the-problem\/' title='Click to share this post on Twitter'><i class='fa fa-twitter'><\/i><\/a><\/div><div class='entry__share--icon'><a target='_blank' href='http:\/\/www.linkedin.com\/shareArticle?mini=true&#038;url=https:\/\/www.usca.es\/en\/summer-thunderstorms-have-a-strong-impact-on-air-traffic-new-procedures-help-alleviate-the-problem\/&#038;title=Summer%20thunderstorms%20have%20a%20strong%20impact%20on%20air%20traffic%20&#8211;%20New%20procedures%20help%20alleviate%20the%20problem&#038;summary=&#038;source=USCA' title='Click to share this post on LinkedIn'><i class='fa fa-linkedin'><\/i><\/a><\/div><div class='entry__share--icon'><a target='_blank' href='https:\/\/plus.google.com\/share?url=https:\/\/www.usca.es\/en\/summer-thunderstorms-have-a-strong-impact-on-air-traffic-new-procedures-help-alleviate-the-problem\/' title='Click to share this post on Google Plus'><i class='fa fa-google-plus'><\/i><\/a><\/div><div class='entry__share--icon'><a target='_blank' href='http:\/\/pinterest.com\/pin\/create\/button\/?url=https:\/\/www.usca.es\/en\/summer-thunderstorms-have-a-strong-impact-on-air-traffic-new-procedures-help-alleviate-the-problem\/&#038;media=https:\/\/www.usca.es\/wp-content\/uploads\/2016\/09\/FABECaltroutetoMadrid.png&amp;description=Summer thunderstorms have a strong impact on air traffic &#8211; New procedures help alleviate the problem on USCA https:\/\/www.usca.es'  title='Click to share this post on Pinterest' class='pin-it-button' count-layout='horizontal'><i class='fa fa-pinterest-square'><\/i><\/a><\/div><\/div>    <\/div>\n\n  <\/div><!-- entry -->\n\n<\/article>\n            \n<article id=\"post-13236\" class=\"post-13236 post type-post status-publish format-standard has-post-thumbnail hentry tag-air-controllers tag-barcelona-acc tag-closure-of-the-airspace-in-2010 tag-spain\">\n\n  <div class=\"entry\">\n\n    <header class=\"entry__header\">\n      <h2 class=\"entry__title\"><a href=\"https:\/\/www.usca.es\/en\/enaire-withdraws-the-sanctions-filed-against-61-air-traffic-controllers-in-barcelona-due-to-tge-closure-of-the-airspace-in-2010\/\" rel=\"bookmark\">ENAIRE withdraws the sanctions filed against 61 air traffic controllers in Barcelona due to tge closure of the  airspace in 2010<\/a><\/h2>    <\/header>\n\n    <div class=\"entry__meta\">\n      <div class=\"entry__category\"><\/div>\n      <div class=\"entry__posted_on right \"><span class=\"posted-on\"><a href=\"https:\/\/www.usca.es\/en\/enaire-withdraws-the-sanctions-filed-against-61-air-traffic-controllers-in-barcelona-due-to-tge-closure-of-the-airspace-in-2010\/\" rel=\"bookmark\"><time class=\"entry-date published\" datetime=\"2016-06-13T11:30:21+02:00\">13 June, 2016<\/time><time class=\"updated\" datetime=\"2016-06-20T12:56:11+02:00\">20 June, 2016<\/time><\/a><\/span><\/div>\n      <div class=\"entry__comments right hide-for-small-only\"><\/div>\n    <\/div>\n\n    <figure>\n                          <div class=\"grid__thumbnail\">\n\n              <a href=https:\/\/www.usca.es\/en\/enaire-withdraws-the-sanctions-filed-against-61-air-traffic-controllers-in-barcelona-due-to-tge-closure-of-the-airspace-in-2010\/>               <img src=\"https:\/\/www.usca.es\/wp-content\/themes\/bourbon\/inc\/timthumb.php?src=https:\/\/www.usca.es\/wp-content\/uploads\/2016\/06\/foto1-1.jpg&w=800\">\n              <\/a>\n                          <\/div>\n                  <\/figure>\n\n    <div class=\"entry__content\">\n      <p>.- Barcelona Labour Court has delivered 11 judgements repealing and annulling the disciplinary sanctions that the company filed against its controllers in March 2015, after the penal cause for the same events was closed.\n.- Justice rejects the allegations by Enaire that the controllers abandoned their working positions on the 3rd December 2010.\n.- USCA hopes that this change in the attitude of the provider, aligned with the resolutions of 20\n... <div class=\"content-more-link\"><a href=\"https:\/\/www.usca.es\/en\/enaire-withdraws-the-sanctions-filed-against-61-air-traffic-controllers-in-barcelona-due-to-tge-closure-of-the-airspace-in-2010\/\" class=\"more-link\">Read more<\/a><\/div><\/p>    <\/div>\n\n    <div class=\"entry__footer\">\n      <div class=\"entry__tags right hide-for-small-only\"><a href=\"https:\/\/www.usca.es\/en\/tag\/air-controllers\/\" rel=\"tag\">air controllers<\/a><a href=\"https:\/\/www.usca.es\/en\/tag\/barcelona-acc\/\" rel=\"tag\">Barcelona ACC<\/a><a href=\"https:\/\/www.usca.es\/en\/tag\/closure-of-the-airspace-in-2010\/\" rel=\"tag\">Closure of the Airspace in 2010<\/a><a href=\"https:\/\/www.usca.es\/en\/tag\/spain\/\" rel=\"tag\">Spain<\/a><\/div>\n      <div class=\"entry__share\"><div class='entry__share--icon'><a target='_blank' href='http:\/\/www.facebook.com\/sharer.php?u=https:\/\/www.usca.es\/en\/enaire-withdraws-the-sanctions-filed-against-61-air-traffic-controllers-in-barcelona-due-to-tge-closure-of-the-airspace-in-2010\/&#038;t=ENAIRE%20withdraws%20the%20sanctions%20filed%20against%2061%20air%20traffic%20controllers%20in%20Barcelona%20due%20to%20tge%20closure%20of%20the%20%20airspace%20in%202010' title='Click to share this post on Facebook'><i class='fa fa-facebook'><\/i><\/a><\/div><div class='entry__share--icon'><a target='_blank' href='http:\/\/twitter.com\/share?text=Currently reading ENAIRE withdraws the sanctions filed against 61 air traffic controllers in Barcelona due to tge closure of the  airspace in 2010&url=https:\/\/www.usca.es\/en\/enaire-withdraws-the-sanctions-filed-against-61-air-traffic-controllers-in-barcelona-due-to-tge-closure-of-the-airspace-in-2010\/' title='Click to share this post on Twitter'><i class='fa fa-twitter'><\/i><\/a><\/div><div class='entry__share--icon'><a target='_blank' href='http:\/\/www.linkedin.com\/shareArticle?mini=true&#038;url=https:\/\/www.usca.es\/en\/enaire-withdraws-the-sanctions-filed-against-61-air-traffic-controllers-in-barcelona-due-to-tge-closure-of-the-airspace-in-2010\/&#038;title=ENAIRE%20withdraws%20the%20sanctions%20filed%20against%2061%20air%20traffic%20controllers%20in%20Barcelona%20due%20to%20tge%20closure%20of%20the%20%20airspace%20in%202010&#038;summary=&#038;source=USCA' title='Click to share this post on LinkedIn'><i class='fa fa-linkedin'><\/i><\/a><\/div><div class='entry__share--icon'><a target='_blank' href='https:\/\/plus.google.com\/share?url=https:\/\/www.usca.es\/en\/enaire-withdraws-the-sanctions-filed-against-61-air-traffic-controllers-in-barcelona-due-to-tge-closure-of-the-airspace-in-2010\/' title='Click to share this post on Google Plus'><i class='fa fa-google-plus'><\/i><\/a><\/div><div class='entry__share--icon'><a target='_blank' href='http:\/\/pinterest.com\/pin\/create\/button\/?url=https:\/\/www.usca.es\/en\/enaire-withdraws-the-sanctions-filed-against-61-air-traffic-controllers-in-barcelona-due-to-tge-closure-of-the-airspace-in-2010\/&#038;media=https:\/\/www.usca.es\/wp-content\/uploads\/2016\/06\/foto1-1.jpg&amp;description=ENAIRE withdraws the sanctions filed against 61 air traffic controllers in Barcelona due to tge closure of the  airspace in 2010 on USCA https:\/\/www.usca.es'  title='Click to share this post on Pinterest' class='pin-it-button' count-layout='horizontal'><i class='fa fa-pinterest-square'><\/i><\/a><\/div><\/div>    <\/div>\n\n  <\/div><!-- entry -->\n\n<\/article>\n            \n<article id=\"post-12001\" class=\"post-12001 post type-post status-publish format-video has-post-thumbnail hentry category-press-releases tag-air-control tag-closure-of-the-air-space tag-controllers post_format-post-format-video\">\n\n  <div class=\"entry\">\n\n    <header class=\"entry__header\">\n      <h2 class=\"entry__title\"><a href=\"https:\/\/www.usca.es\/en\/five-years-after-the-closure-of-the-airspace-20-out-of-22-spanish-courts-that-opened-criminal-cases-have-now-closed-their-proceedings\/\" rel=\"bookmark\">Five years after the closure of the airspace, 20 out of 22 spanish courts that opened criminal cases, have now closed their proceedings<\/a><\/h2>    <\/header>\n\n    <div class=\"entry__meta\">\n      <div class=\"entry__category\"><div class='category_link category_link-underline' style='border-color: ;'><a href='https:\/\/www.usca.es\/en\/category\/press-releases\/'>Press Releases<\/a><\/div> &#183; <div class='category_link category_link-underline' style='border-color: ;'><a href='https:\/\/www.usca.es\/en\/category\/press-releases\/'>Press Releases<\/a><\/div> &#183; <div class='category_link category_link-underline' style='border-color: ;'><a href='https:\/\/www.usca.es\/en\/category\/press-releases\/'>Press Releases<\/a><\/div> &#183; <div class='category_link category_link-underline' style='border-color: ;'><a href='https:\/\/www.usca.es\/en\/category\/press-releases\/'>Press Releases<\/a><\/div> &#183; <div class='category_link category_link-underline' style='border-color: ;'><a href='https:\/\/www.usca.es\/en\/category\/press-releases\/'>Press Releases<\/a><\/div><\/div>\n      <div class=\"entry__posted_on right \"><span class=\"posted-on\"><a href=\"https:\/\/www.usca.es\/en\/five-years-after-the-closure-of-the-airspace-20-out-of-22-spanish-courts-that-opened-criminal-cases-have-now-closed-their-proceedings\/\" rel=\"bookmark\"><time class=\"entry-date published\" datetime=\"2015-12-03T14:06:45+01:00\">3 December, 2015<\/time><time class=\"updated\" datetime=\"2015-12-10T14:44:22+01:00\">10 December, 2015<\/time><\/a><\/span><\/div>\n      <div class=\"entry__comments right hide-for-small-only\"><\/div>\n    <\/div>\n\n    <figure>\n              <div class=\"thumbnail__wrap\">\n          <div class=\"flex-video widescreen vimeo\">\n            <iframe loading=\"lazy\" width=\"640\" height=\"360\" src=\"https:\/\/www.youtube.com\/embed\/jJe6nJQHrck?feature=oembed\" frameborder=\"0\" allowfullscreen><\/iframe>          <\/div>\n        <\/div>\n          <\/figure>\n\n    <div class=\"entry__content\">\n      <p>\n\n\n\nFIVE YEARS AFTER THE CLOSURE OF THE AIRSPACE, 20 OUT OF 22 SPANISH COURTS THAT OPENED CRIMINAL CASES AGAINST AIR TRAFFIC CONTROLLERS, HAVE NOW CLOSED THEIR PROCEEDINGS. \nONLY MADRID AND BALEARES REMAIN OPEN\n\n.- The 20 courthouses that closed their proceedings considered that there was no evidence of offenses by the controllers, since they didn\u2019t abandon their working positions on the 3rd December 2010. \n.-\n... <div class=\"content-more-link\"><a href=\"https:\/\/www.usca.es\/en\/five-years-after-the-closure-of-the-airspace-20-out-of-22-spanish-courts-that-opened-criminal-cases-have-now-closed-their-proceedings\/\" class=\"more-link\">Read more<\/a><\/div><\/p>    <\/div>\n\n    <div class=\"entry__footer\">\n      <div class=\"entry__tags right hide-for-small-only\"><a href=\"https:\/\/www.usca.es\/en\/tag\/air-control\/\" rel=\"tag\">air control<\/a><a href=\"https:\/\/www.usca.es\/en\/tag\/closure-of-the-air-space\/\" rel=\"tag\">closure of the air space<\/a><a href=\"https:\/\/www.usca.es\/en\/tag\/controllers\/\" rel=\"tag\">controllers<\/a><\/div>\n      <div class=\"entry__share\"><div class='entry__share--icon'><a target='_blank' href='http:\/\/www.facebook.com\/sharer.php?u=https:\/\/www.usca.es\/en\/five-years-after-the-closure-of-the-airspace-20-out-of-22-spanish-courts-that-opened-criminal-cases-have-now-closed-their-proceedings\/&#038;t=Five%20years%20after%20the%20closure%20of%20the%20airspace,%2020%20out%20of%2022%20spanish%20courts%20that%20opened%20criminal%20cases,%20have%20now%20closed%20their%20proceedings' title='Click to share this post on Facebook'><i class='fa fa-facebook'><\/i><\/a><\/div><div class='entry__share--icon'><a target='_blank' href='http:\/\/twitter.com\/share?text=Currently reading Five years after the closure of the airspace, 20 out of 22 spanish courts that opened criminal cases, have now closed their proceedings&url=https:\/\/www.usca.es\/en\/five-years-after-the-closure-of-the-airspace-20-out-of-22-spanish-courts-that-opened-criminal-cases-have-now-closed-their-proceedings\/' title='Click to share this post on Twitter'><i class='fa fa-twitter'><\/i><\/a><\/div><div class='entry__share--icon'><a target='_blank' href='http:\/\/www.linkedin.com\/shareArticle?mini=true&#038;url=https:\/\/www.usca.es\/en\/five-years-after-the-closure-of-the-airspace-20-out-of-22-spanish-courts-that-opened-criminal-cases-have-now-closed-their-proceedings\/&#038;title=Five%20years%20after%20the%20closure%20of%20the%20airspace,%2020%20out%20of%2022%20spanish%20courts%20that%20opened%20criminal%20cases,%20have%20now%20closed%20their%20proceedings&#038;summary=&#038;source=USCA' title='Click to share this post on LinkedIn'><i class='fa fa-linkedin'><\/i><\/a><\/div><div class='entry__share--icon'><a target='_blank' href='https:\/\/plus.google.com\/share?url=https:\/\/www.usca.es\/en\/five-years-after-the-closure-of-the-airspace-20-out-of-22-spanish-courts-that-opened-criminal-cases-have-now-closed-their-proceedings\/' title='Click to share this post on Google Plus'><i class='fa fa-google-plus'><\/i><\/a><\/div><div class='entry__share--icon'><a target='_blank' href='http:\/\/pinterest.com\/pin\/create\/button\/?url=https:\/\/www.usca.es\/en\/five-years-after-the-closure-of-the-airspace-20-out-of-22-spanish-courts-that-opened-criminal-cases-have-now-closed-their-proceedings\/&#038;media=https:\/\/www.usca.es\/wp-content\/uploads\/2015\/12\/Captura-de-pantalla-2015-12-03-a-las-13.37.19.png&amp;description=Five years after the closure of the airspace, 20 out of 22 spanish courts that opened criminal cases, have now closed their proceedings on USCA https:\/\/www.usca.es'  title='Click to share this post on Pinterest' class='pin-it-button' count-layout='horizontal'><i class='fa fa-pinterest-square'><\/i><\/a><\/div><\/div>    <\/div>\n\n  <\/div><!-- entry -->\n\n<\/article>\n    \t\n\t\n","protected":false},"excerpt":{"rendered":"","protected":false},"author":1,"featured_media":0,"parent":11334,"menu_order":0,"comment_status":"closed","ping_status":"closed","template":"","meta":[],"acf":[],"_links":{"self":[{"href":"https:\/\/www.usca.es\/en\/wp-json\/wp\/v2\/pages\/11336"}],"collection":[{"href":"https:\/\/www.usca.es\/en\/wp-json\/wp\/v2\/pages"}],"about":[{"href":"https:\/\/www.usca.es\/en\/wp-json\/wp\/v2\/types\/page"}],"author":[{"embeddable":true,"href":"https:\/\/www.usca.es\/en\/wp-json\/wp\/v2\/users\/1"}],"replies":[{"embeddable":true,"href":"https:\/\/www.usca.es\/en\/wp-json\/wp\/v2\/comments?post=11336"}],"version-history":[{"count":4,"href":"https:\/\/www.usca.es\/en\/wp-json\/wp\/v2\/pages\/11336\/revisions"}],"predecessor-version":[{"id":12187,"href":"https:\/\/www.usca.es\/en\/wp-json\/wp\/v2\/pages\/11336\/revisions\/12187"}],"up":[{"embeddable":true,"href":"https:\/\/www.usca.es\/en\/wp-json\/wp\/v2\/pages\/11334"}],"wp:attachment":[{"href":"https:\/\/www.usca.es\/en\/wp-json\/wp\/v2\/media?parent=11336"}],"curies":[{"name":"wp","href":"https:\/\/api.w.org\/{rel}","templated":true}]}}